{"id":2760,"date":"2022-07-19T07:02:45","date_gmt":"2022-07-19T07:02:45","guid":{"rendered":"https:\/\/jardinesvillaverde.com\/?page_id=2760"},"modified":"2025-01-10T06:35:39","modified_gmt":"2025-01-10T06:35:39","slug":"terminos-y-condiciones","status":"publish","type":"page","link":"https:\/\/jardinesvillaverde.com\/fr\/terminos-y-condiciones\/","title":{"rendered":"Termes et conditions"},"content":{"rendered":"<div data-elementor-type=\"wp-page\" data-elementor-id=\"2760\" class=\"elementor elementor-2760\" data-elementor-post-type=\"page\">\n\t\t\t\t\t\t<section class=\"elementor-section elementor-top-section elementor-element elementor-element-91cbc09 elementor-section-boxed elementor-section-height-default elementor-section-height-default\" data-id=\"91cbc09\" data-element_type=\"section\" data-e-type=\"section\">\n\t\t\t\t\t\t<div class=\"elementor-container elementor-column-gap-default\">\n\t\t\t\t\t<div class=\"elementor-column elementor-col-100 elementor-top-column elementor-element elementor-element-2e27285\" data-id=\"2e27285\" data-element_type=\"column\" data-e-type=\"column\">\n\t\t\t<div class=\"elementor-widget-wrap elementor-element-populated\">\n\t\t\t\t\t\t<section class=\"elementor-section elementor-inner-section elementor-element elementor-element-cb2cfc3 elementor-section-height-default elementor-section-boxed elementor-section-height-default\" data-id=\"cb2cfc3\" data-element_type=\"section\" data-e-type=\"section\">\n\t\t\t\t\t\t<div class=\"elementor-container elementor-column-gap-default\">\n\t\t\t\t\t<div class=\"elementor-column elementor-col-100 elementor-top-column elementor-element elementor-element-53d2183\" data-id=\"53d2183\" data-element_type=\"column\" data-e-type=\"column\">\n\t\t\t<div class=\"elementor-widget-wrap elementor-element-populated\">\n\t\t\t\t\t\t<div class=\"elementor-element elementor-element-8cdfe02 elementor-widget elementor-widget-heading\" data-id=\"8cdfe02\" data-element_type=\"widget\" data-e-type=\"widget\" data-widget_type=\"heading.default\">\n\t\t\t\t<div class=\"elementor-widget-container\">\n\t\t\t\t\t<h1 class=\"elementor-heading-title elementor-size-default\">CONDITIONS G\u00c9N\u00c9RALES DE VENTE EN LIGNE DES PRODUITS ET SERVICES ENTRE L'ACCOMMODATION ET LES UTILISATEURS<br>\n(ci-apr\u00e8s d\u00e9nomm\u00e9es \u00abconditions g\u00e9n\u00e9rales\u00bb)<\/h1>\t\t\t\t<\/div>\n\t\t\t\t<\/div>\n\t\t\t\t<div class=\"elementor-element elementor-element-e70f507 elementor-widget elementor-widget-heading\" data-id=\"e70f507\" data-element_type=\"widget\" data-e-type=\"widget\" data-widget_type=\"heading.default\">\n\t\t\t\t<div class=\"elementor-widget-container\">\n\t\t\t\t\t<h2 class=\"elementor-heading-title elementor-size-default\">1. CONDITIONS G\u00c9N\u00c9RALES AVANT LE MARCH\u00c9 <\/h2>\t\t\t\t<\/div>\n\t\t\t\t<\/div>\n\t\t\t\t<div class=\"elementor-element elementor-element-56a4827 elementor-widget elementor-widget-text-editor\" data-id=\"56a4827\" data-element_type=\"widget\" data-e-type=\"widget\" data-widget_type=\"text-editor.default\">\n\t\t\t\t<div class=\"elementor-widget-container\">\n\t\t\t\t\t\t\t\t\t<p>a) Les pr\u00e9sentes Conditions G\u00e9n\u00e9rales r\u00e9glementent express\u00e9ment les relations commerciales n\u00e9es entre Jardines Villaverde (ci-apr\u00e8s, \u00ab L'ACCOMMODATION \u00bb) et les Utilisateurs Priv\u00e9s (ci-apr\u00e8s, les \u00ab Clients \u00bb) qui, par le biais du Site <strong>Jard\u00ednvillaverde.com<\/strong> (ci-apr\u00e8s, le \u00abSite Web\u00bb) appartenant \u00e0 L'ACCOMMODATION, acheter les produits offerts \u00e0 tout moment aux utilisateurs individuels sp\u00e9cifiquement pour la vente en ligne (ci-apr\u00e8s, les \u00abServices\u00bb).<\/p><p>b) Les pr\u00e9sentes conditions g\u00e9n\u00e9rales ont \u00e9t\u00e9 pr\u00e9par\u00e9es conform\u00e9ment aux dispositions de la loi 34\/2002, du 11 juillet, sur les services de la soci\u00e9t\u00e9 de l'information et du commerce \u00e9lectronique, de la loi 7\/1998 sur les conditions g\u00e9n\u00e9rales des contrats, du d\u00e9cret royal l\u00e9gislatif 1\/2007, du 16 novembre, approuvant le texte consolid\u00e9 de la loi g\u00e9n\u00e9rale pour la d\u00e9fense des consommateurs et des utilisateurs et d'autres lois compl\u00e9mentaires, de la loi 3\/2014 du 27 mars, modifiant le texte consolid\u00e9 de la loi g\u00e9n\u00e9rale pour la d\u00e9fense des consommateurs et des utilisateurs et d'autres lois compl\u00e9mentaires, et de la loi 7\/1996, du 15 janvier, sur la r\u00e9glementation du commerce de d\u00e9tail.<\/p><p>c) <strong>L'H\u00c9BERGEMENT<\/strong> peut modifier unilat\u00e9ralement, \u00e0 tout moment qu'elle juge appropri\u00e9, la configuration et le contenu des pr\u00e9sentes Conditions G\u00e9n\u00e9rales. Toutefois, les Conditions G\u00e9n\u00e9rales applicables \u00e0 une transaction donn\u00e9e seront celles en vigueur au moment de la formalisation de celle-ci.<\/p><p>d) Les termes et conditions applicables \u00e0 l'achat des Produits propos\u00e9s \u00e0 la vente au public par <strong>L'H\u00c9BERGEMENT<\/strong> par le biais de son site Web seront tous ceux qui sont d\u00e9crits dans les pr\u00e9sentes conditions g\u00e9n\u00e9rales et qui seront d\u00e9taill\u00e9s sur le site Web tout au long du processus d'achat en ligne. Par l'utilisation du Site, les utilisateurs d\u00e9clarent conna\u00eetre et accepter les diff\u00e9rentes proc\u00e9dures n\u00e9cessaires pour acc\u00e9der aux diff\u00e9rents Produits propos\u00e9s sur le Site ainsi que formaliser l'achat de ceux-ci.<\/p><p>e) Le Client accepte sans r\u00e9serve les Conditions G\u00e9n\u00e9rales de Vente lors de la passation d'une commande de Produits \u00e0 L'H\u00c9BERGEMENT ayant pr\u00e9alablement connaissance de leur contenu pour en avoir fourni une copie, en plus d'\u00eatre publi\u00e9e sur le site de l'h\u00e9bergement (le Site), en version t\u00e9l\u00e9chargeable et imprimable<\/p>\t\t\t\t\t\t\t\t<\/div>\n\t\t\t\t<\/div>\n\t\t\t\t<div class=\"elementor-element elementor-element-b9fd281 elementor-widget elementor-widget-heading\" data-id=\"b9fd281\" data-element_type=\"widget\" data-e-type=\"widget\" data-widget_type=\"heading.default\">\n\t\t\t\t<div class=\"elementor-widget-container\">\n\t\t\t\t\t<h2 class=\"elementor-heading-title elementor-size-default\">2. IDENTIFICATION DU VENDEUR ET DES CLIENTS <\/h2>\t\t\t\t<\/div>\n\t\t\t\t<\/div>\n\t\t\t\t<div class=\"elementor-element elementor-element-1426a7f elementor-widget elementor-widget-text-editor\" data-id=\"1426a7f\" data-element_type=\"widget\" data-e-type=\"widget\" data-widget_type=\"text-editor.default\">\n\t\t\t\t<div class=\"elementor-widget-container\">\n\t\t\t\t\t\t\t\t\t<p>a) Les donn\u00e9es d'identification du Site sont les suivantes:<\/p><p>\u00a0La casana de Villaverde SL, CIF B39880836, Adresse sociale Calle del sol s\/n \u2013 39793 Villaverde de Pontones, Cantabrie, Adresse \u00e9lectronique: info@jardinesvillaverde.com<\/p><p>b) Afin d'effectuer des achats \u00e0 partir du site Web, il sera n\u00e9cessaire pour les clients d'effectuer leur r\u00e9servation en marquant le m\u00eame nombre et le m\u00eame nombre d'invit\u00e9s, ainsi que les d\u00e9tails sp\u00e9cifiques.<\/p>\t\t\t\t\t\t\t\t<\/div>\n\t\t\t\t<\/div>\n\t\t\t\t<div class=\"elementor-element elementor-element-e13fd69 elementor-widget elementor-widget-heading\" data-id=\"e13fd69\" data-element_type=\"widget\" data-e-type=\"widget\" data-widget_type=\"heading.default\">\n\t\t\t\t<div class=\"elementor-widget-container\">\n\t\t\t\t\t<h2 class=\"elementor-heading-title elementor-size-default\">3. NATURE DU SITE WEB <\/h2>\t\t\t\t<\/div>\n\t\t\t\t<\/div>\n\t\t\t\t<div class=\"elementor-element elementor-element-ca4ff27 elementor-widget elementor-widget-text-editor\" data-id=\"ca4ff27\" data-element_type=\"widget\" data-e-type=\"widget\" data-widget_type=\"text-editor.default\">\n\t\t\t\t<div class=\"elementor-widget-container\">\n\t\t\t\t\t\t\t\t\t<p>Pour la r\u00e9servation du logement, le Client doit avoir les caract\u00e9ristiques suivantes:<\/p><ul><li>\u00catre une personne physique ou morale ayant sa r\u00e9sidence ou son domicile sur le territoire international.<\/li><li>Si vous \u00eates une personne physique, vous devez avoir l'\u00e2ge l\u00e9gal et avoir la capacit\u00e9 juridique suffisante pour effectuer la r\u00e9servation.<\/li><li>S'il s'agit d'une personne morale, la personne qui fait la r\u00e9servation doit disposer de pouvoirs suffisants pour effectuer l'op\u00e9ration au nom de la personne morale.<\/li><li>Dans tous les cas, il doit \u00eatre consid\u00e9r\u00e9 comme un consommateur final, conform\u00e9ment aux dispositions du d\u00e9cret-loi royal 1\/2007, du 16 novembre, qui approuve le texte consolid\u00e9 de la loi g\u00e9n\u00e9rale pour la d\u00e9fense des consommateurs et des utilisateurs, c'est-\u00e0-dire pour l'autoconsommation du client ou pour le compte de qui le client est l\u00e9galement autoris\u00e9 \u00e0 agir. En cons\u00e9quence, les grossistes, distributeurs, centres d'achat, grands magasins, autres interm\u00e9diaires professionnels du m\u00eame secteur que ce Site sont exclus, sans caract\u00e8re exhaustif, de l'utilisation du Site. <\/li><\/ul>\t\t\t\t\t\t\t\t<\/div>\n\t\t\t\t<\/div>\n\t\t\t\t<div class=\"elementor-element elementor-element-1eaea26 elementor-widget elementor-widget-heading\" data-id=\"1eaea26\" data-element_type=\"widget\" data-e-type=\"widget\" data-widget_type=\"heading.default\">\n\t\t\t\t<div class=\"elementor-widget-container\">\n\t\t\t\t\t<h2 class=\"elementor-heading-title elementor-size-default\">4. H\u00c9BERGEMENTS OFFERTS <\/h2>\t\t\t\t<\/div>\n\t\t\t\t<\/div>\n\t\t\t\t<div class=\"elementor-element elementor-element-d6011c0 elementor-widget elementor-widget-text-editor\" data-id=\"d6011c0\" data-element_type=\"widget\" data-e-type=\"widget\" data-widget_type=\"text-editor.default\">\n\t\t\t\t<div class=\"elementor-widget-container\">\n\t\t\t\t\t\t\t\t\t<p>a) L'H\u00c9BERGEMENT publiera, avec l'image de chacune des chambres ou h\u00e9bergements faisant l'objet de la r\u00e9servation via le Site, les caract\u00e9ristiques sp\u00e9cifiques de chacun d'eux, y compris les services inclus, et le prix applicable.<\/p><p>b) L'ACCOMMODATION garantit que le prix sera celui en vigueur le jour de la formalisation de la r\u00e9servation quel que soit le jour o\u00f9 le service est formalis\u00e9.<\/p><p>c) S'il existe des offres applicables sur le prix de l'h\u00e9bergement, celles-ci seront indiqu\u00e9es \u00e0 c\u00f4t\u00e9 du prix initial avec une typographie diff\u00e9rente qui permet au Client d'identifier clairement le prix final. Dans tous les cas, la p\u00e9riode de validit\u00e9 de l'offre est indiqu\u00e9e.<\/p><p>d) L'ACCOMMODATION peut, unilat\u00e9ralement et \u00e0 tout moment, offrir de nouveaux Services qui sont soumis \u00e0 la vente sur le Site Web ainsi que suspendre ou annuler, temporairement ou ind\u00e9finiment, l'un des services.<\/p><p>e) Les tarifs \u00e9tablis sur le Site incluent la TVA applicable \u00e0 chaque service, mais pas toute autre taxe qui pourrait \u00eatre applicable. L'ACCOMMODATION s'engage \u00e0 tenir \u00e0 jour les prix conform\u00e9ment \u00e0 la taxe applicable \u00e0 tout moment.<\/p><p>f) L'H\u00c9BERGEMENT garantit la disponibilit\u00e9 de tous les h\u00e9bergements propos\u00e9s sur le Site.<\/p>\t\t\t\t\t\t\t\t<\/div>\n\t\t\t\t<\/div>\n\t\t\t\t<div class=\"elementor-element elementor-element-3c244fe elementor-widget elementor-widget-heading\" data-id=\"3c244fe\" data-element_type=\"widget\" data-e-type=\"widget\" data-widget_type=\"heading.default\">\n\t\t\t\t<div class=\"elementor-widget-container\">\n\t\t\t\t\t<h2 class=\"elementor-heading-title elementor-size-default\">5. SYST\u00c8ME DE R\u00c9SERVATION<\/h2>\t\t\t\t<\/div>\n\t\t\t\t<\/div>\n\t\t\t\t<div class=\"elementor-element elementor-element-84c3e0d elementor-widget elementor-widget-text-editor\" data-id=\"84c3e0d\" data-element_type=\"widget\" data-e-type=\"widget\" data-widget_type=\"text-editor.default\">\n\t\t\t\t<div class=\"elementor-widget-container\">\n\t\t\t\t\t\t\t\t\t<p>Le Client doit s\u00e9lectionner l'h\u00e9bergement choisi, remplir le formulaire de r\u00e9servation et saisir une carte de cr\u00e9dit.\u00a0<\/p><p><span style=\"color: var( --e-global-color-primary ); font-family: var( --e-global-typography-text-font-family ), Sans-serif; font-size: var( --e-global-typography-text-font-size ); font-weight: var( --e-global-typography-text-font-weight ); background-color: var( --e-global-color-27e15ce );\">Au moment de la r\u00e9servation, un acompte sera vers\u00e9 directement sur le site Web par l'interm\u00e9diaire de notre prestataire de services de paiement en ligne (Redsys), comme stipul\u00e9 dans les conditions de r\u00e9servation. Dans le cas o\u00f9, pour une raison quelconque, le paiement de la r\u00e9servation ne pourrait pas \u00eatre effectu\u00e9, ceux-ci seront \u00e0 nouveau gratuits.<\/span><\/p><p>En cas de ne pas exiger de paiement anticip\u00e9, une carte de cr\u00e9dit sera n\u00e9cessaire pour garantir la r\u00e9servation. Les frais seront factur\u00e9s comme stipul\u00e9 dans les politiques d'annulation.<\/p><p>La proc\u00e9dure de r\u00e9servation sera en langue espagnole.<\/p>\t\t\t\t\t\t\t\t<\/div>\n\t\t\t\t<\/div>\n\t\t\t\t<div class=\"elementor-element elementor-element-208c853 elementor-widget elementor-widget-heading\" data-id=\"208c853\" data-element_type=\"widget\" data-e-type=\"widget\" data-widget_type=\"heading.default\">\n\t\t\t\t<div class=\"elementor-widget-container\">\n\t\t\t\t\t<h2 class=\"elementor-heading-title elementor-size-default\">6. CONDITIONS DE R\u00c9SERVATION<\/h2>\t\t\t\t<\/div>\n\t\t\t\t<\/div>\n\t\t\t\t<div class=\"elementor-element elementor-element-7f4567b elementor-widget elementor-widget-text-editor\" data-id=\"7f4567b\" data-element_type=\"widget\" data-e-type=\"widget\" data-widget_type=\"text-editor.default\">\n\t\t\t\t<div class=\"elementor-widget-container\">\n\t\t\t\t\t\t\t\t\t<p>Le client reconna\u00eet et est clair que ce contrat n'est pas un contrat de location de logement, c'est un contrat de location touristique. Le nombre total de places occup\u00e9es sera celui que vous avez mis dans la r\u00e9servation. Le client ne peut pas accueillir un plus grand nombre de personnes que ce qui y est convenu. Il n'est pas permis d'inviter \u00e0 utiliser les installations d'autres personnes qui ne sont pas incluses dans le total des places occup\u00e9es de ce contrat, sauf demande \u00e0 la propri\u00e9t\u00e9 (avec un co\u00fbt suppl\u00e9mentaire \u00e0 convenir).<\/p><p>Le s\u00e9jour minimum est de 2 nuits, mais peut varier \u00e0 des dates sp\u00e9cifiques. Le syst\u00e8me de r\u00e9servation indiquera pour les dates choisies si le s\u00e9jour minimum est valable dans chaque cas.<\/p><p>Le tarif comprend le linge de lit (draps et serviettes) et le nettoyage final de l'h\u00e9bergement.<\/p><p>Articles gratuits \u00e0 la disposition du client: chiffons et papier de cuisine, nappe, sacs poubelles et ustensiles de nettoyage (savon, savon pour lave-vaisselle), savon pour les mains et papier toilette.<\/p><p>\u00c9quipements: \u00e9cran plat, r\u00e9frig\u00e9rateur et cong\u00e9lateur, micro-ondes, lave-vaisselle, casseroles, vaisselle, mixeur, grille-pain, cafeti\u00e8re Nespresso, s\u00e8che-cheveux, fer \u00e0 repasser, lave-linge, corde \u00e0 linge, chaises longues et salon de jardin.<\/p><p>La soci\u00e9t\u00e9 ou le responsable a le droit d'entrer dans l'\u00e9tablissement, soit pour effectuer des contr\u00f4les de routine de l'\u00e9tat de celui-ci, soit pour une cause majeure ou d'autres inconv\u00e9nients. Le client est responsable de tout dommage qu'il pourrait causer pendant le s\u00e9jour. Tout probl\u00e8me d'appareils ou de services pouvant survenir dans l'\u00e9tablissement sera communiqu\u00e9 au propri\u00e9taire.<\/p><p>En cas de dommage appr\u00e9ciable, il sera d\u00e9taill\u00e9 avec pr\u00e9cision et l'utilisateur sera inform\u00e9 du dommage ou du dommage et de l'\u00e9valuation \u00e9conomique de celui-ci.<\/p><p>Entr\u00e9es et sorties:<br \/>Enregistrement: 15 h.<br \/>D\u00e9part: 11:00 h.<\/p><p>S'il vous pla\u00eet assurez-vous de nous informer de l'heure approximative d'arriv\u00e9e. Le num\u00e9ro de t\u00e9l\u00e9phone ou l'email fourni dans la r\u00e9servation sera utilis\u00e9 dans le cas o\u00f9 nous avons besoin de vous contacter.<\/p><p>Si vous devez partir plus tard le jour du d\u00e9part, veuillez demander \u00e0 l'enregistrement si cela est possible. Nous essaierons de r\u00e9pondre \u00e0 votre demande. Tout d\u00e9part \u00e0 partir de 20h00 sera soumis au plein tarif par nuit.<\/p><p>Assurez-vous de remettre TOUS les jeux de cl\u00e9s avant de partir.<\/p>\t\t\t\t\t\t\t\t<\/div>\n\t\t\t\t<\/div>\n\t\t\t\t<div class=\"elementor-element elementor-element-35de18d elementor-widget elementor-widget-heading\" data-id=\"35de18d\" data-element_type=\"widget\" data-e-type=\"widget\" data-widget_type=\"heading.default\">\n\t\t\t\t<div class=\"elementor-widget-container\">\n\t\t\t\t\t<h2 class=\"elementor-heading-title elementor-size-default\">7. R\u00c8GLES D'ACCOMMODATION<\/h2>\t\t\t\t<\/div>\n\t\t\t\t<\/div>\n\t\t\t\t<div class=\"elementor-element elementor-element-642c545 elementor-widget elementor-widget-text-editor\" data-id=\"642c545\" data-element_type=\"widget\" data-e-type=\"widget\" data-widget_type=\"text-editor.default\">\n\t\t\t\t<div class=\"elementor-widget-container\">\n\t\t\t\t\t\t\t\t\t<ul>\n<li>L'heure d'arriv\u00e9e \u00e0 votre appartement est de 15:00h et l'heure de d\u00e9part jusqu'\u00e0 11:00h<\/li>\n<li>Il est interdit de fumer dans l'h\u00e9bergement, \u00e0 l'int\u00e9rieur de l'\u00e9tablissement ou sur les lieux. Des zones fumeurs ont \u00e9t\u00e9 pr\u00e9par\u00e9es dans le parking et dans un jardin, \u00e0 c\u00f4t\u00e9 de la cabine.<\/li>\n<li>Les serviettes de bain des appartements sont \u00e0 usage exclusif en leur sein. Si vous pr\u00e9voyez d'aller \u00e0 la plage ou d'utiliser la piscine, n'oubliez pas d'apporter votre serviette de la maison.<\/li>\n<li>Si vous avez r\u00e9serv\u00e9 le petit d\u00e9jeuner avec nous, veuillez noter que nous le laisserons \u00e0 8h30 \u00e0 la porte de votre appartement. Lorsque vous avez termin\u00e9, nous vous demandons de placer les conteneurs dans le panier et de le laisser sur la m\u00eame table o\u00f9 il est livr\u00e9.<\/li>\n<li>Si vous venez nous rendre visite du 1er juin au 16 octobre, vous pourrez profiter de la piscine chauff\u00e9e \u00e0 28o d'eau sal\u00e9e. Les heures d'ouverture sont de 9h30 \u00e0 21h00.<\/li>\n<li>\u00c0 1h00, nous proc\u00e9derons \u00e0 l'arr\u00eat et \u00e0 la fermeture des installations du jardin.<\/li>\n<li>Notre \u00e9tablissement n'est pas autoris\u00e9 \u00e0 l'entr\u00e9e des animaux de compagnie.<\/li>\n<\/ul>\t\t\t\t\t\t\t\t<\/div>\n\t\t\t\t<\/div>\n\t\t\t\t<div class=\"elementor-element elementor-element-e4a0ef6 elementor-widget elementor-widget-heading\" data-id=\"e4a0ef6\" data-element_type=\"widget\" data-e-type=\"widget\" data-widget_type=\"heading.default\">\n\t\t\t\t<div class=\"elementor-widget-container\">\n\t\t\t\t\t<h2 class=\"elementor-heading-title elementor-size-default\">8. FORME DE PAIEMENT <\/h2>\t\t\t\t<\/div>\n\t\t\t\t<\/div>\n\t\t\t\t<div class=\"elementor-element elementor-element-7f9271f elementor-widget elementor-widget-text-editor\" data-id=\"7f9271f\" data-element_type=\"widget\" data-e-type=\"widget\" data-widget_type=\"text-editor.default\">\n\t\t\t\t<div class=\"elementor-widget-container\">\n\t\t\t\t\t\t\t\t\t<p><span style=\"color: var( --e-global-color-primary ); font-family: var( --e-global-typography-text-font-family ), Sans-serif; font-size: var( --e-global-typography-text-font-size ); font-weight: var( --e-global-typography-text-font-weight ); letter-spacing: var( --e-global-typography-text-letter-spacing );\">a) Le paiement du s\u00e9jour sera effectu\u00e9 en totalit\u00e9 au moment du d\u00e9part de l'h\u00e9bergement. <\/span><\/p>\t\t\t\t\t\t\t\t<\/div>\n\t\t\t\t<\/div>\n\t\t\t\t<div class=\"elementor-element elementor-element-95c6581 elementor-widget elementor-widget-heading\" data-id=\"95c6581\" data-element_type=\"widget\" data-e-type=\"widget\" data-widget_type=\"heading.default\">\n\t\t\t\t<div class=\"elementor-widget-container\">\n\t\t\t\t\t<h2 class=\"elementor-heading-title elementor-size-default\">9. DROIT DE CONTINUER DES COMMANDES <\/h2>\t\t\t\t<\/div>\n\t\t\t\t<\/div>\n\t\t\t\t<div class=\"elementor-element elementor-element-501cad7 elementor-widget elementor-widget-text-editor\" data-id=\"501cad7\" data-element_type=\"widget\" data-e-type=\"widget\" data-widget_type=\"text-editor.default\">\n\t\t\t\t<div class=\"elementor-widget-container\">\n\t\t\t\t\t\t\t\t\t<p>Les services propos\u00e9s sur ce site constituent une exception au droit de r\u00e9tractation des consommateurs et des utilisateurs, \u00e9tant un service d'h\u00e9bergement touristique, et, par cons\u00e9quent, le droit de r\u00e9tractation susmentionn\u00e9 dispara\u00eet \u00e9tant l'utilisateur conscient de cette circonstance et l'acceptant au moment de faire la r\u00e9servation correspondante (article 103 lettre l D\u00e9cret L\u00e9gislatif Royal 1\/2007, du 16 novembre, approuvant le texte consolid\u00e9 de la Loi G\u00e9n\u00e9rale pour la D\u00e9fense des Consommateurs et des Utilisateurs et d'autres lois compl\u00e9mentaires).<\/p>\t\t\t\t\t\t\t\t<\/div>\n\t\t\t\t<\/div>\n\t\t\t\t<div class=\"elementor-element elementor-element-97f85ca elementor-widget elementor-widget-heading\" data-id=\"97f85ca\" data-element_type=\"widget\" data-e-type=\"widget\" data-widget_type=\"heading.default\">\n\t\t\t\t<div class=\"elementor-widget-container\">\n\t\t\t\t\t<h2 class=\"elementor-heading-title elementor-size-default\">10. POLITIQUE D'ANNULATION<\/h2>\t\t\t\t<\/div>\n\t\t\t\t<\/div>\n\t\t\t\t<div class=\"elementor-element elementor-element-b448a2e elementor-widget elementor-widget-text-editor\" data-id=\"b448a2e\" data-element_type=\"widget\" data-e-type=\"widget\" data-widget_type=\"text-editor.default\">\n\t\t\t\t<div class=\"elementor-widget-container\">\n\t\t\t\t\t\t\t\t\t<p>Jardines Villaverde a une annulation gratuite jusqu'\u00e0 3 jours avant. Si l'annulation intervient entre 3 jours avant et le jour de la date d'entr\u00e9e, une nuit sera factur\u00e9e \u00e0 titre de p\u00e9nalit\u00e9. En cas de non-accomplissement d'un acte de pr\u00e9sence sans annulation pr\u00e9alable, une nuit sera \u00e9galement factur\u00e9e \u00e0 titre de p\u00e9nalit\u00e9.<\/p><p>Toute annulation, y compris la force majeure, sera soumise \u00e0 notre politique d'annulation. En cas de force majeure, avant d'annuler la r\u00e9servation, veuillez nous contacter directement pour essayer de trouver une solution mutuellement b\u00e9n\u00e9fique.<\/p><p>Dans le cas o\u00f9 L'ACCOMMODATION ne pourrait pas fournir au client le logement qu'il a r\u00e9serv\u00e9 pour des raisons de force majeure, le client sera inform\u00e9 dans les meilleurs d\u00e9lais afin de tenter de trouver une solution optimale pour les deux parties. Si aucun accord n'est conclu, le montant total pay\u00e9 jusqu'\u00e0 pr\u00e9sent sera rembours\u00e9.<\/p><p>Toutes les annulations ou modifications doivent \u00eatre effectu\u00e9es par t\u00e9l\u00e9phone, par e-mail \u00e0 l'adresse indiqu\u00e9e ci-dessus ou via notre formulaire de contact sur le site. <a href=\"https:\/\/jardinesvillaverde.com\/fr\/sobre-nosotros\/\">https:\/\/jardinesvillaverde.com\/sobre-nosotros\/<\/a>.\u00a0<\/p><p>Interruption du s\u00e9jour: Aucun remboursement ou paiement ne sera effectu\u00e9 en cas d'interruption du s\u00e9jour dans l'h\u00e9bergement.<\/p>\t\t\t\t\t\t\t\t<\/div>\n\t\t\t\t<\/div>\n\t\t\t\t<div class=\"elementor-element elementor-element-f3dcada elementor-widget elementor-widget-heading\" data-id=\"f3dcada\" data-element_type=\"widget\" data-e-type=\"widget\" data-widget_type=\"heading.default\">\n\t\t\t\t<div class=\"elementor-widget-container\">\n\t\t\t\t\t<h2 class=\"elementor-heading-title elementor-size-default\">11. PROTECTION DES DONN\u00c9ES \u00c0 CARACT\u00c8RE PERSONNEL<\/h2>\t\t\t\t<\/div>\n\t\t\t\t<\/div>\n\t\t\t\t<div class=\"elementor-element elementor-element-925667a elementor-widget elementor-widget-text-editor\" data-id=\"925667a\" data-element_type=\"widget\" data-e-type=\"widget\" data-widget_type=\"text-editor.default\">\n\t\t\t\t<div class=\"elementor-widget-container\">\n\t\t\t\t\t\t\t\t\tConsulter le <a href=\"https:\/\/jardinesvillaverde.com\/fr\/politica-de-privacidad\/\">Politique de confidentialit\u00e9<\/a>.\t\t\t\t\t\t\t\t<\/div>\n\t\t\t\t<\/div>\n\t\t\t\t<div class=\"elementor-element elementor-element-bed5c5b elementor-widget elementor-widget-heading\" data-id=\"bed5c5b\" data-element_type=\"widget\" data-e-type=\"widget\" data-widget_type=\"heading.default\">\n\t\t\t\t<div class=\"elementor-widget-container\">\n\t\t\t\t\t<h2 class=\"elementor-heading-title elementor-size-default\">12. COMMUNICATIONS ET SERVICE \u00c0 LA CLIENT\u00c8LE. <\/h2>\t\t\t\t<\/div>\n\t\t\t\t<\/div>\n\t\t\t\t<div class=\"elementor-element elementor-element-0701e65 elementor-widget elementor-widget-text-editor\" data-id=\"0701e65\" data-element_type=\"widget\" data-e-type=\"widget\" data-widget_type=\"text-editor.default\">\n\t\t\t\t<div class=\"elementor-widget-container\">\n\t\t\t\t\t\t\t\t\t<p>Aux fins des pr\u00e9sentes Conditions G\u00e9n\u00e9rales, et pour toute communication n\u00e9cessaire entre L'ACCOMMODATION et les Utilisateurs, ils doivent contacter L'ACCOMMODATION par courrier \u00e9lectronique ou par communication \u00e9crite.<\/p>\t\t\t\t\t\t\t\t<\/div>\n\t\t\t\t<\/div>\n\t\t\t\t<div class=\"elementor-element elementor-element-a90f2e2 elementor-widget elementor-widget-heading\" data-id=\"a90f2e2\" data-element_type=\"widget\" data-e-type=\"widget\" data-widget_type=\"heading.default\">\n\t\t\t\t<div class=\"elementor-widget-container\">\n\t\t\t\t\t<h2 class=\"elementor-heading-title elementor-size-default\">13. PERFECTION DES MARCH\u00c9S. <\/h2>\t\t\t\t<\/div>\n\t\t\t\t<\/div>\n\t\t\t\t<div class=\"elementor-element elementor-element-11d7af7 elementor-widget elementor-widget-text-editor\" data-id=\"11d7af7\" data-element_type=\"widget\" data-e-type=\"widget\" data-widget_type=\"text-editor.default\">\n\t\t\t\t<div class=\"elementor-widget-container\">\n\t\t\t\t\t\t\t\t\t<p>La validit\u00e9 des contrats conclus par voie \u00e9lectronique est r\u00e9gie par l\u2019article 23, paragraphes 1 et 3, de la loi 34\/2002 sur les services de la soci\u00e9t\u00e9 de l\u2019information et du commerce \u00e9lectronique: \u00abLes contrats conclus par voie \u00e9lectronique ont la m\u00eame validit\u00e9 et produisent tous les effets du syst\u00e8me juridique civil et commercial.\u00bb<\/p><p>Le Contrat est perfectionn\u00e9 \u00e0 partir du moment o\u00f9 le client exprime son accord avec les pr\u00e9sentes conditions contractuelles en appuyant sur le bouton d'Acceptation et de Lecture desdites conditions et apr\u00e8s avoir correctement rempli le formulaire propos\u00e9 \u00e0 partir du serveur du Site ou \u00e9galement par le d\u00e9p\u00f4t ou la transmission de ladite acceptation par tout autre moyen \u00e9lectronique ou traditionnel dans les bureaux du si\u00e8ge.<\/p><p>Lors de cette acceptation, le client recevra une notification du site Web automatiquement envoy\u00e9e \u00e0 l'adresse e-mail fournie au stade de l'inscription. Cet e-mail sera envoy\u00e9 dans les 24 heures et montrera les informations concernant votre inscription et la modalit\u00e9 du contrat s\u00e9lectionn\u00e9 avec les conditions sp\u00e9cifiques qui s'appliquent \u00e0 chaque modalit\u00e9 \u00e0 tout moment et qui sont accept\u00e9es avec ces conditions g\u00e9n\u00e9rales au moment de la passation du contrat. Toutefois, dans le cas d'un \u00e9l\u00e9ment technique et automatique, la r\u00e9ception dudit email ne pourra avoir lieu pour des raisons techniques ind\u00e9pendantes de la volont\u00e9 du Site. Dans ces cas, le client doit contacter notre service client\u00e8le pour que la r\u00e9servation soit effective.<\/p><p>Le client accepte qu'il ne sera pas n\u00e9cessaire de confirmer la r\u00e9ception de l'acceptation du contrat lorsqu'il a \u00e9t\u00e9 conclu exclusivement par \u00e9change de courrier \u00e9lectronique ou d'autres communications \u00e9lectroniques \u00e9quivalentes, comme \u00e9tabli \u00e0 l'article 28.3 b) de la loi 34\/2002 sur les services de la soci\u00e9t\u00e9 de l'information et du commerce \u00e9lectronique, ainsi que ce qui est \u00e9tabli dans RD 1906\/1999. Les parties conviennent d'assimiler l\u00e9galement la signature autographe du client \u00e0 celle faite \u00e0 l'aide de tout type de cl\u00e9s, codes ou \u00e9l\u00e9ments de s\u00e9curit\u00e9 d'identification. Nonobstant ce qui pr\u00e9c\u00e8de, L'H\u00c9BERGEMENT peut exiger une confirmation \u00e9crite lorsqu'il le juge n\u00e9cessaire.<\/p>\t\t\t\t\t\t\t\t<\/div>\n\t\t\t\t<\/div>\n\t\t\t\t<div class=\"elementor-element elementor-element-9425845 elementor-widget elementor-widget-heading\" data-id=\"9425845\" data-element_type=\"widget\" data-e-type=\"widget\" data-widget_type=\"heading.default\">\n\t\t\t\t<div class=\"elementor-widget-container\">\n\t\t\t\t\t<h2 class=\"elementor-heading-title elementor-size-default\">14. NULLIT\u00c9 DES CLAUSES. <\/h2>\t\t\t\t<\/div>\n\t\t\t\t<\/div>\n\t\t\t\t<div class=\"elementor-element elementor-element-d60a0ea elementor-widget elementor-widget-text-editor\" data-id=\"d60a0ea\" data-element_type=\"widget\" data-e-type=\"widget\" data-widget_type=\"text-editor.default\">\n\t\t\t\t<div class=\"elementor-widget-container\">\n\t\t\t\t\t\t\t\t\t<p>Si une disposition du pr\u00e9sent Accord devient ill\u00e9gale, invalide ou, pour quelque raison que ce soit, inapplicable, cette ill\u00e9galit\u00e9, inapplicabilit\u00e9 ou invalidit\u00e9 sera limit\u00e9e uniquement \u00e0 cette disposition et n'affectera pas la validit\u00e9 ou l'applicabilit\u00e9 des autres dispositions.<\/p>\t\t\t\t\t\t\t\t<\/div>\n\t\t\t\t<\/div>\n\t\t\t\t<div class=\"elementor-element elementor-element-d4ec632 elementor-widget elementor-widget-heading\" data-id=\"d4ec632\" data-element_type=\"widget\" data-e-type=\"widget\" data-widget_type=\"heading.default\">\n\t\t\t\t<div class=\"elementor-widget-container\">\n\t\t\t\t\t<h2 class=\"elementor-heading-title elementor-size-default\">15. L\u00c9GISLATION APPLICABLE ET EXT\u00c9RIEURE. <\/h2>\t\t\t\t<\/div>\n\t\t\t\t<\/div>\n\t\t\t\t<div class=\"elementor-element elementor-element-0f68bc1 elementor-widget elementor-widget-text-editor\" data-id=\"0f68bc1\" data-element_type=\"widget\" data-e-type=\"widget\" data-widget_type=\"text-editor.default\">\n\t\t\t\t<div class=\"elementor-widget-container\">\n\t\t\t\t\t\t\t\t\t<p>Tout conflit pouvant d\u00e9couler de l'application de ces r\u00e8gles sera r\u00e9gi par les lois de l'Espagne et, dans la mesure maximale permise par la loi, sera soumis aux tribunaux auxquels l'h\u00e9bergement est attribu\u00e9.<\/p>\t\t\t\t\t\t\t\t<\/div>\n\t\t\t\t<\/div>\n\t\t\t\t\t<\/div>\n\t\t<\/div>\n\t\t\t\t\t<\/div>\n\t\t<\/section>\n\t\t\t\t\t<\/div>\n\t\t<\/div>\n\t\t\t\t\t<\/div>\n\t\t<\/section>\n\t\t\t\t<\/div>","protected":false},"excerpt":{"rendered":"<p>CONDITIONS G\u00c9N\u00c9RALES DE LA VENTE EN LIGNE DES PRODUITS ET SERVICES ENTRE L'ACCOMMODATION ET LES UTILISATEURS (ci-apr\u00e8s \u00ab Conditions G\u00e9n\u00e9rales \u00bb) 1. CONDITIONS G\u00c9N\u00c9RALES AVANT LE CONTRAT a) Les pr\u00e9sentes Conditions G\u00e9n\u00e9rales r\u00e9gissent express\u00e9ment les relations commerciales entre Jardines Villaverde (ci-apr\u00e8s \u00ab L'ACCOMMODATION \u00bb) et les Utilisateurs Priv\u00e9s (ci-apr\u00e8s \u00ab les Clients \u00bb) qui, par l'interm\u00e9diaire de [\u2026]<\/p>","protected":false},"author":1,"featured_media":0,"parent":0,"menu_order":0,"comment_status":"closed","ping_status":"closed","template":"","meta":{"_seopress_robots_primary_cat":"","_seopress_titles_title":"","_seopress_titles_desc":"","_seopress_robots_index":"","footnotes":""},"class_list":["post-2760","page","type-page","status-publish","hentry"],"_links":{"self":[{"href":"https:\/\/jardinesvillaverde.com\/fr\/wp-json\/wp\/v2\/pages\/2760","targetHints":{"allow":["GET"]}}],"collection":[{"href":"https:\/\/jardinesvillaverde.com\/fr\/wp-json\/wp\/v2\/pages"}],"about":[{"href":"https:\/\/jardinesvillaverde.com\/fr\/wp-json\/wp\/v2\/types\/page"}],"author":[{"embeddable":true,"href":"https:\/\/jardinesvillaverde.com\/fr\/wp-json\/wp\/v2\/users\/1"}],"replies":[{"embeddable":true,"href":"https:\/\/jardinesvillaverde.com\/fr\/wp-json\/wp\/v2\/comments?post=2760"}],"version-history":[{"count":5,"href":"https:\/\/jardinesvillaverde.com\/fr\/wp-json\/wp\/v2\/pages\/2760\/revisions"}],"predecessor-version":[{"id":6990,"href":"https:\/\/jardinesvillaverde.com\/fr\/wp-json\/wp\/v2\/pages\/2760\/revisions\/6990"}],"wp:attachment":[{"href":"https:\/\/jardinesvillaverde.com\/fr\/wp-json\/wp\/v2\/media?parent=2760"}],"curies":[{"name":"wp","href":"https:\/\/api.w.org\/{rel}","templated":true}]}}