{"id":2757,"date":"2022-07-19T07:02:34","date_gmt":"2022-07-19T07:02:34","guid":{"rendered":"https:\/\/jardinesvillaverde.com\/?page_id=2757"},"modified":"2022-07-24T18:14:27","modified_gmt":"2022-07-24T18:14:27","slug":"aviso-legal","status":"publish","type":"page","link":"https:\/\/jardinesvillaverde.com\/fr\/aviso-legal\/","title":{"rendered":"Mentions l\u00e9gales"},"content":{"rendered":"<div data-elementor-type=\"wp-page\" data-elementor-id=\"2757\" class=\"elementor elementor-2757\" data-elementor-post-type=\"page\">\n\t\t\t\t\t\t<section class=\"elementor-section elementor-top-section elementor-element elementor-element-ca2e7b7 elementor-section-boxed elementor-section-height-default elementor-section-height-default\" data-id=\"ca2e7b7\" data-element_type=\"section\" data-e-type=\"section\">\n\t\t\t\t\t\t<div class=\"elementor-container elementor-column-gap-default\">\n\t\t\t\t\t<div class=\"elementor-column elementor-col-100 elementor-top-column elementor-element elementor-element-6575223\" data-id=\"6575223\" data-element_type=\"column\" data-e-type=\"column\">\n\t\t\t<div class=\"elementor-widget-wrap elementor-element-populated\">\n\t\t\t\t\t\t<section class=\"elementor-section elementor-inner-section elementor-element elementor-element-f888576 elementor-section-height-default elementor-section-boxed elementor-section-height-default\" data-id=\"f888576\" data-element_type=\"section\" data-e-type=\"section\">\n\t\t\t\t\t\t<div class=\"elementor-container elementor-column-gap-default\">\n\t\t\t\t\t<div class=\"elementor-column elementor-col-100 elementor-top-column elementor-element elementor-element-cb43ca4\" data-id=\"cb43ca4\" data-element_type=\"column\" data-e-type=\"column\">\n\t\t\t<div class=\"elementor-widget-wrap elementor-element-populated\">\n\t\t\t\t\t\t<div class=\"elementor-element elementor-element-fde9459 elementor-widget elementor-widget-heading\" data-id=\"fde9459\" data-element_type=\"widget\" data-e-type=\"widget\" data-widget_type=\"heading.default\">\n\t\t\t\t<div class=\"elementor-widget-container\">\n\t\t\t\t\t<h2 class=\"elementor-heading-title elementor-size-default\">Mentions l\u00e9gales<\/h2>\t\t\t\t<\/div>\n\t\t\t\t<\/div>\n\t\t\t\t<div class=\"elementor-element elementor-element-a467012 elementor-widget elementor-widget-text-editor\" data-id=\"a467012\" data-element_type=\"widget\" data-e-type=\"widget\" data-widget_type=\"text-editor.default\">\n\t\t\t\t<div class=\"elementor-widget-container\">\n\t\t\t\t\t\t\t\t\t<p><strong>IDENTIFIER LES DONN\u00c9ES:<\/strong><\/p><ul><li>Site web: www.jardinesvillaverde.com (ci-apr\u00e8s d\u00e9nomm\u00e9 \u00able portail ou le site web ou le site web\u00bb)<\/li><li>D\u00e9nomination commerciale: H\u00e9bergement Jardines Villaverde (ci-apr\u00e8s d\u00e9nomm\u00e9 \"l'h\u00e9bergement\")<\/li><li>Responsable : La maison de villaverde SL<\/li><li>CIF : B39880836<\/li><li>Adresse : Calle del sol s\/n \u2013 39793 Villaverde de Pontones, Cantabrie<\/li><li>Courrier \u00e9lectronique: info@jardinesvillaverde.com<\/li><\/ul>\t\t\t\t\t\t\t\t<\/div>\n\t\t\t\t<\/div>\n\t\t\t\t<div class=\"elementor-element elementor-element-e173897 elementor-widget elementor-widget-text-editor\" data-id=\"e173897\" data-element_type=\"widget\" data-e-type=\"widget\" data-widget_type=\"text-editor.default\">\n\t\t\t\t<div class=\"elementor-widget-container\">\n\t\t\t\t\t\t\t\t\t<p><strong>OBJET<\/strong><\/p><p>L'h\u00e9bergement en tant que responsable du site Web met \u00e0 la disposition des utilisateurs ce document, qui r\u00e9glemente l'utilisation du site Web, avec lequel nous avons l'intention de respecter les obligations \u00e9tablies par la loi 34\/2002, sur les services de la soci\u00e9t\u00e9 de l'information et du commerce \u00e9lectronique (LSSICE ou LSSI), ainsi que d'informer tous les utilisateurs du site Web sur les conditions d'utilisation du site Web.<\/p><p>L'h\u00e9bergement facilite aux utilisateurs l'acc\u00e8s et l'utilisation des diff\u00e9rents services et contenus mis \u00e0 disposition via le Web. <strong>\u00a0<\/strong><\/p>\t\t\t\t\t\t\t\t<\/div>\n\t\t\t\t<\/div>\n\t\t\t\t<div class=\"elementor-element elementor-element-332796e elementor-widget elementor-widget-text-editor\" data-id=\"332796e\" data-element_type=\"widget\" data-e-type=\"widget\" data-widget_type=\"text-editor.default\">\n\t\t\t\t<div class=\"elementor-widget-container\">\n\t\t\t\t\t\t\t\t\t<p><strong>UTILISATEURS<\/strong><\/p><p>L'utilisation de ce portail est absolument volontaire et implique l'acceptation pleine et enti\u00e8re par ceux qui y acc\u00e8dent, ci-apr\u00e8s \u00ab Utilisateur \u00bb, de toutes les conditions d'utilisation en vigueur \u00e0 tout moment qui se trouvent \u00e0 cette adresse. Le Site se r\u00e9serve le droit de retirer l'acc\u00e8s \u00e0 ce site, sans pr\u00e9avis, \u00e0 tout Utilisateur qui contreviendrait aux dispositions des pr\u00e9sentes conditions d'utilisation. L'utilisateur est responsable de lire attentivement ces termes et conditions. Les conditions susmentionn\u00e9es s'appliqueront ind\u00e9pendamment des conditions g\u00e9n\u00e9rales du contrat qui peuvent \u00eatre obligatoires.<\/p>\t\t\t\t\t\t\t\t<\/div>\n\t\t\t\t<\/div>\n\t\t\t\t<div class=\"elementor-element elementor-element-1ac6379 elementor-widget elementor-widget-text-editor\" data-id=\"1ac6379\" data-element_type=\"widget\" data-e-type=\"widget\" data-widget_type=\"text-editor.default\">\n\t\t\t\t<div class=\"elementor-widget-container\">\n\t\t\t\t\t\t\t\t\t<p><strong>UTILISATION DU PORTAIL<\/strong><\/p><p>Le site Web donne acc\u00e8s \u00e0 une multitude d'informations, de services, de programmes ou de donn\u00e9es (ci-apr\u00e8s \u00ables contenus\u00bb) sur Internet appartenant au site Web. L'Utilisateur assume la responsabilit\u00e9 de l'utilisation du portail. L'Utilisateur s'engage \u00e0 faire un usage appropri\u00e9 des contenus et services, y compris mais sans s'y limiter, \u00e0 ne pas les utiliser pour (i) se livrer \u00e0 des activit\u00e9s ill\u00e9gales, ill\u00e9gales ou contraires \u00e0 la bonne foi et \u00e0 l'ordre public; ii) diffuser des contenus ou de la propagande \u00e0 caract\u00e8re raciste, x\u00e9nophobe, pornographique ou ill\u00e9gal, pr\u00f4nant le terrorisme ou violant les droits de l'homme; (iii) tenter d'acc\u00e9der et, le cas \u00e9ch\u00e9ant, d'utiliser les comptes de messagerie d'autres utilisateurs et de les modifier pour manipuler leurs messages.<\/p>\t\t\t\t\t\t\t\t<\/div>\n\t\t\t\t<\/div>\n\t\t\t\t<div class=\"elementor-element elementor-element-60732c9 elementor-widget elementor-widget-text-editor\" data-id=\"60732c9\" data-element_type=\"widget\" data-e-type=\"widget\" data-widget_type=\"text-editor.default\">\n\t\t\t\t<div class=\"elementor-widget-container\">\n\t\t\t\t\t\t\t\t\t<p><strong>INSCRIPTION DES UTILISATEURS<\/strong><\/p><p>En g\u00e9n\u00e9ral, la fourniture des Services ne n\u00e9cessite pas l'abonnement ou l'enregistrement pr\u00e9alable des Utilisateurs.\u00a0<\/p>\t\t\t\t\t\t\t\t<\/div>\n\t\t\t\t<\/div>\n\t\t\t\t<div class=\"elementor-element elementor-element-9b288bc elementor-widget elementor-widget-text-editor\" data-id=\"9b288bc\" data-element_type=\"widget\" data-e-type=\"widget\" data-widget_type=\"text-editor.default\">\n\t\t\t\t<div class=\"elementor-widget-container\">\n\t\t\t\t\t\t\t\t\t<p><strong>ENFANTS D'\u00c2GE<\/strong><\/p><p>Pour l'utilisation des services, les mineurs doivent toujours obtenir le consentement pr\u00e9alable des parents, tuteurs ou repr\u00e9sentants l\u00e9gaux, qui sont responsables en dernier ressort de tous les actes accomplis par les mineurs dont ils ont la charge. La responsabilit\u00e9 dans la d\u00e9termination des contenus sp\u00e9cifiques auxquels les mineurs acc\u00e8dent correspond \u00e0 ceux-ci, c'est pourquoi s'ils acc\u00e8dent \u00e0 des contenus inappropri\u00e9s sur Internet, des m\u00e9canismes devront \u00eatre mis en place sur leurs ordinateurs, en particulier des programmes informatiques, des filtres et des blocs, qui permettent de limiter les contenus disponibles et, bien qu'ils ne soient pas infaillibles, ils sont d'une utilit\u00e9 particuli\u00e8re pour contr\u00f4ler et restreindre les mat\u00e9riaux auxquels les mineurs peuvent acc\u00e9der.<\/p>\t\t\t\t\t\t\t\t<\/div>\n\t\t\t\t<\/div>\n\t\t\t\t<div class=\"elementor-element elementor-element-000cc9f elementor-widget elementor-widget-text-editor\" data-id=\"000cc9f\" data-element_type=\"widget\" data-e-type=\"widget\" data-widget_type=\"text-editor.default\">\n\t\t\t\t<div class=\"elementor-widget-container\">\n\t\t\t\t\t\t\t\t\t<p><strong>PROTECTION DES DONN\u00c9ES<\/strong><\/p><p>Nous vous informons que notre site Web est conforme aux lignes directrices de la r\u00e9glementation en vigueur sur la protection des donn\u00e9es \u00e0 caract\u00e8re personnel, le r\u00e8glement (UE) 2016\/679 du 27 avril 2016 (RGPD), sur la protection des personnes physiques \u00e0 l'\u00e9gard du traitement des donn\u00e9es \u00e0 caract\u00e8re personnel et sur la libre circulation de ces donn\u00e9es. Pour plus d'informations, voir <a href=\"https:\/\/casaruralalmenasdelcid.es\/politica-de-privacidad\/\">Politique de protection des donn\u00e9es<\/a><\/p>\t\t\t\t\t\t\t\t<\/div>\n\t\t\t\t<\/div>\n\t\t\t\t<div class=\"elementor-element elementor-element-72a481d elementor-widget elementor-widget-text-editor\" data-id=\"72a481d\" data-element_type=\"widget\" data-e-type=\"widget\" data-widget_type=\"text-editor.default\">\n\t\t\t\t<div class=\"elementor-widget-container\">\n\t\t\t\t\t\t\t\t\t<p><strong>PROPRI\u00c9T\u00c9 INTELLECTUELLE ET INDUSTRIELLE<\/strong><\/p><p>Le site Web, y compris, mais sans s'y limiter, la programmation, l'\u00e9dition, la compilation et d'autres \u00e9l\u00e9ments n\u00e9cessaires \u00e0 son fonctionnement, les conceptions, les logos, les textes, les photographies et \/ ou les graphiques sont la propri\u00e9t\u00e9 de l'h\u00e9bergement ou, si n\u00e9cessaire, a la licence ou l'autorisation expresse des auteurs. Tous les contenus du site sont d\u00fbment prot\u00e9g\u00e9s par la r\u00e9glementation en mati\u00e8re de propri\u00e9t\u00e9 intellectuelle et industrielle.<\/p><p>Ind\u00e9pendamment de l'objectif pour lequel ils ont \u00e9t\u00e9 destin\u00e9s, la reproduction totale ou partielle, l'utilisation, la distribution et la communication publique n\u00e9cessitent une autorisation \u00e9crite pr\u00e9alable de l'h\u00e9bergement. Toute utilisation non pr\u00e9alablement autoris\u00e9e par l'h\u00e9bergement sera consid\u00e9r\u00e9e comme une violation grave des droits de propri\u00e9t\u00e9 intellectuelle ou industrielle de l'auteur.<\/p><p>Les conceptions, logos, textes et \/ ou graphiques en dehors du fournisseur et qui peuvent appara\u00eetre sur le site Web, appartiennent \u00e0 leurs propri\u00e9taires respectifs, \u00e9tant eux-m\u00eames responsables de toute controverse \u00e9ventuelle qui pourrait survenir \u00e0 leur \u00e9gard. Dans tous les cas, le fournisseur a l'autorisation expresse et pr\u00e9alable de leur part.<\/p><p>L'h\u00e9bergement reconna\u00eet en faveur de ses propri\u00e9taires les droits de propri\u00e9t\u00e9 industrielle et intellectuelle correspondants, n'impliquant pas la mention ou l'apparition sur le site Web, de l'existence de droits ou de toute responsabilit\u00e9 pour l'h\u00e9bergement sur eux, ainsi que l'approbation, le parrainage ou la recommandation par ceux-ci.<\/p><p>Pour faire toute sorte d'observation concernant d'\u00e9ventuelles violations des droits de propri\u00e9t\u00e9 intellectuelle ou industrielle, ainsi que tout contenu du site Web, vous pouvez le faire via l'e-mail ci-dessus.<\/p>\t\t\t\t\t\t\t\t<\/div>\n\t\t\t\t<\/div>\n\t\t\t\t<div class=\"elementor-element elementor-element-d251674 elementor-widget elementor-widget-text-editor\" data-id=\"d251674\" data-element_type=\"widget\" data-e-type=\"widget\" data-widget_type=\"text-editor.default\">\n\t\t\t\t<div class=\"elementor-widget-container\">\n\t\t\t\t\t\t\t\t\t<p><strong>EXCLUSION DES GARANTIES ET DE LA RESPONSABILIT\u00c9<\/strong><\/p><p>Le site Web n'est en aucun cas responsable des dommages de toute nature qui pourraient causer, \u00e0 titre d'exemple: les erreurs ou omissions dans les contenus, le manque de disponibilit\u00e9 du portail ou la transmission de virus ou de programmes malveillants ou nuisibles dans les contenus, bien qu'ayant adopt\u00e9 toutes les mesures technologiques n\u00e9cessaires pour l'\u00e9viter. Le contenu de ce site Web est offert \u00e0 des fins d'information et d'information. Notre site Web d\u00e9cline toute responsabilit\u00e9, directe ou indirecte, qui pourrait d\u00e9couler de l'utilisation ou de l'application des informations de ce site Web en dehors de ses objectifs.<\/p>\t\t\t\t\t\t\t\t<\/div>\n\t\t\t\t<\/div>\n\t\t\t\t<div class=\"elementor-element elementor-element-011a754 elementor-widget elementor-widget-text-editor\" data-id=\"011a754\" data-element_type=\"widget\" data-e-type=\"widget\" data-widget_type=\"text-editor.default\">\n\t\t\t\t<div class=\"elementor-widget-container\">\n\t\t\t\t\t\t\t\t\t<strong>COOKIES<\/strong>\n\nLe site utilise des cookies (petits fichiers d'informations que le serveur envoie \u00e0 l'ordinateur de la personne acc\u00e9dant \u00e0 la page) pour effectuer certaines fonctions consid\u00e9r\u00e9es comme essentielles au bon fonctionnement et \u00e0 la visualisation du lieu. Pour plus d'informations, voir <a href=\"https:\/\/jardinesvillaverde.com\/fr\/politica-de-cookies\/\">POLITIQUE DE COOKIES.<\/a>\t\t\t\t\t\t\t\t<\/div>\n\t\t\t\t<\/div>\n\t\t\t\t<div class=\"elementor-element elementor-element-7796c94 elementor-widget elementor-widget-text-editor\" data-id=\"7796c94\" data-element_type=\"widget\" data-e-type=\"widget\" data-widget_type=\"text-editor.default\">\n\t\t\t\t<div class=\"elementor-widget-container\">\n\t\t\t\t\t\t\t\t\t<strong>MODIFICATIONS<\/strong>\n\nLe site Web se r\u00e9serve le droit d'apporter toute modification qu'il juge appropri\u00e9e \u00e0 son site Web sans pr\u00e9avis.\n\n<strong> LIENS<\/strong>\n\nEn aucun cas, le site Web n'assumera la responsabilit\u00e9 du contenu de tout lien appartenant \u00e0 un site Web tiers, ni ne garantira la disponibilit\u00e9 technique, la qualit\u00e9, la fiabilit\u00e9, l'exactitude, l'\u00e9tendue, la v\u00e9racit\u00e9, la validit\u00e9 et la constitutionnalit\u00e9 de tout mat\u00e9riel ou information contenu dans ce site Web.\n\n<strong> DROIT D'EXCLUSION<\/strong>\n\nLe site Web se r\u00e9serve le droit de refuser ou de retirer l'acc\u00e8s au portail et \/ ou aux services offerts sans pr\u00e9avis, \u00e0 sa propre demande ou d'un tiers, aux utilisateurs qui enfreignent ce droit. <a href=\"https:\/\/jardinesvillaverde.com\/fr\/aviso-legal\/\">AVIS JURIDIQUE.<\/a>\n\n<strong>G\u00c9N\u00c9RALES<\/strong>\n\nNotre site Web poursuivra la violation de cet avis juridique ainsi que toute utilisation inappropri\u00e9e de son portail en exer\u00e7ant toutes les actions civiles et p\u00e9nales qui peuvent lui correspondre en droit.\n\n<strong> MODIFICATION DE CES CONDITIONS ET DUR\u00c9E<\/strong>\n\nLe Web peut modifier \u00e0 tout moment les conditions d\u00e9termin\u00e9es ici, \u00e9tant d\u00fbment publi\u00e9 tel qu'ils apparaissent ici. La validit\u00e9 de ces conditions d\u00e9pendra de leur exposition et sera en vigueur jusqu'\u00e0 ce qu'elles soient modifi\u00e9es par d'autres d\u00fbment publi\u00e9es.\n\n<strong> LOI APPLICABLE ET COMP\u00c9TENCE<\/strong>\n\nLa relation entre notre site Web et l'utilisateur sera r\u00e9gie par la r\u00e9glementation espagnole en vigueur et tout litige concernant l'utilisation du site Web que les parties soumettront \u00e0 la juridiction \u00e0 laquelle appartient l'h\u00e9bergement.\t\t\t\t\t\t\t\t<\/div>\n\t\t\t\t<\/div>\n\t\t\t\t\t<\/div>\n\t\t<\/div>\n\t\t\t\t\t<\/div>\n\t\t<\/section>\n\t\t\t\t\t<\/div>\n\t\t<\/div>\n\t\t\t\t\t<\/div>\n\t\t<\/section>\n\t\t\t\t<\/div>","protected":false},"excerpt":{"rendered":"<p>Mentions l\u00e9gales DONN\u00c9ES IDENTIFI\u00c9ES: Site web: www.jardinesvillaverde.com (ci-apr\u00e8s \u00able portail ou le site web ou le web\u00bb) Nom commercial: Alojamientos Jardines Villaverde (ci-apr\u00e8s \u00abl'h\u00e9bergement\u00bb) Responsable: La casana de villaverde SL CIF: B39880836 Adresse: Calle del sol s\/n \u2013 39793 Villaverde de Pontones, Cantabrie E-mail: info@jardinesvillaverde.com OBJET L'h\u00e9bergement en tant que responsable du site web, [\u2026]<\/p>","protected":false},"author":1,"featured_media":0,"parent":0,"menu_order":0,"comment_status":"closed","ping_status":"closed","template":"","meta":{"_seopress_robots_primary_cat":"","_seopress_titles_title":"","_seopress_titles_desc":"","_seopress_robots_index":"","footnotes":""},"class_list":["post-2757","page","type-page","status-publish","hentry"],"_links":{"self":[{"href":"https:\/\/jardinesvillaverde.com\/fr\/wp-json\/wp\/v2\/pages\/2757","targetHints":{"allow":["GET"]}}],"collection":[{"href":"https:\/\/jardinesvillaverde.com\/fr\/wp-json\/wp\/v2\/pages"}],"about":[{"href":"https:\/\/jardinesvillaverde.com\/fr\/wp-json\/wp\/v2\/types\/page"}],"author":[{"embeddable":true,"href":"https:\/\/jardinesvillaverde.com\/fr\/wp-json\/wp\/v2\/users\/1"}],"replies":[{"embeddable":true,"href":"https:\/\/jardinesvillaverde.com\/fr\/wp-json\/wp\/v2\/comments?post=2757"}],"version-history":[{"count":5,"href":"https:\/\/jardinesvillaverde.com\/fr\/wp-json\/wp\/v2\/pages\/2757\/revisions"}],"predecessor-version":[{"id":4450,"href":"https:\/\/jardinesvillaverde.com\/fr\/wp-json\/wp\/v2\/pages\/2757\/revisions\/4450"}],"wp:attachment":[{"href":"https:\/\/jardinesvillaverde.com\/fr\/wp-json\/wp\/v2\/media?parent=2757"}],"curies":[{"name":"wp","href":"https:\/\/api.w.org\/{rel}","templated":true}]}}